{"id":298,"date":"2023-08-16T18:11:16","date_gmt":"2023-08-16T18:11:16","guid":{"rendered":"https:\/\/fortedabarra.pt\/?page_id=298"},"modified":"2023-10-10T17:10:34","modified_gmt":"2023-10-10T17:10:34","slug":"conceito","status":"publish","type":"page","link":"https:\/\/fortedabarra.pt\/index.php\/conceito\/","title":{"rendered":"Conceito"},"content":{"rendered":"\t\t<div data-elementor-type=\"wp-page\" data-elementor-id=\"298\" class=\"elementor elementor-298\">\n\t\t\t\t\t\t<section class=\"elementor-section elementor-top-section elementor-element elementor-element-51141b0 elementor-section-boxed elementor-section-height-default elementor-section-height-default\" data-id=\"51141b0\" data-element_type=\"section\" data-e-type=\"section\">\n\t\t\t\t\t\t<div class=\"elementor-container elementor-column-gap-default\">\n\t\t\t\t\t<div class=\"elementor-column elementor-col-100 elementor-top-column elementor-element elementor-element-5a40282\" data-id=\"5a40282\" data-element_type=\"column\" data-e-type=\"column\">\n\t\t\t<div class=\"elementor-widget-wrap\">\n\t\t\t\t\t\t\t<\/div>\n\t\t<\/div>\n\t\t\t\t\t<\/div>\n\t\t<\/section>\n\t\t\t\t<section class=\"elementor-section elementor-top-section elementor-element elementor-element-498147b elementor-section-boxed elementor-section-height-default elementor-section-height-default\" data-id=\"498147b\" data-element_type=\"section\" data-e-type=\"section\">\n\t\t\t\t\t\t<div class=\"elementor-container elementor-column-gap-default\">\n\t\t\t\t\t<div class=\"elementor-column elementor-col-100 elementor-top-column elementor-element elementor-element-258515b\" data-id=\"258515b\" data-element_type=\"column\" data-e-type=\"column\">\n\t\t\t<div class=\"elementor-widget-wrap\">\n\t\t\t\t\t\t\t<\/div>\n\t\t<\/div>\n\t\t\t\t\t<\/div>\n\t\t<\/section>\n\t\t\t\t<section class=\"elementor-section elementor-top-section elementor-element elementor-element-09e95ab elementor-reverse-tablet elementor-reverse-mobile elementor-section-boxed elementor-section-height-default elementor-section-height-default\" data-id=\"09e95ab\" data-element_type=\"section\" data-e-type=\"section\">\n\t\t\t\t\t\t<div class=\"elementor-container elementor-column-gap-default\">\n\t\t\t\t\t<div class=\"elementor-column elementor-col-100 elementor-top-column elementor-element elementor-element-817b474\" data-id=\"817b474\" data-element_type=\"column\" data-e-type=\"column\">\n\t\t\t<div class=\"elementor-widget-wrap\">\n\t\t\t\t\t\t\t<\/div>\n\t\t<\/div>\n\t\t\t\t\t<\/div>\n\t\t<\/section>\n\t\t\t\t<section class=\"elementor-section elementor-top-section elementor-element elementor-element-49ddfac elementor-section-boxed elementor-section-height-default elementor-section-height-default\" data-id=\"49ddfac\" data-element_type=\"section\" data-e-type=\"section\">\n\t\t\t\t\t\t<div class=\"elementor-container elementor-column-gap-default\">\n\t\t\t\t\t<div class=\"elementor-column elementor-col-100 elementor-top-column elementor-element elementor-element-7af293a\" data-id=\"7af293a\" data-element_type=\"column\" data-e-type=\"column\">\n\t\t\t<div class=\"elementor-widget-wrap elementor-element-populated\">\n\t\t\t\t\t\t<div class=\"elementor-element elementor-element-1193d29 elementor-widget elementor-widget-heading\" data-id=\"1193d29\" data-element_type=\"widget\" data-e-type=\"widget\" data-widget_type=\"heading.default\">\n\t\t\t\t<div class=\"elementor-widget-container\">\n\t\t\t\t\t<h2 class=\"elementor-heading-title elementor-size-default\">CONCEITO<\/h2>\t\t\t\t<\/div>\n\t\t\t\t<\/div>\n\t\t\t\t\t<\/div>\n\t\t<\/div>\n\t\t\t\t\t<\/div>\n\t\t<\/section>\n\t\t\t\t<section class=\"elementor-section elementor-top-section elementor-element elementor-element-6af4802 elementor-section-boxed elementor-section-height-default elementor-section-height-default\" data-id=\"6af4802\" data-element_type=\"section\" data-e-type=\"section\">\n\t\t\t\t\t\t<div class=\"elementor-container elementor-column-gap-default\">\n\t\t\t\t\t<div class=\"elementor-column elementor-col-50 elementor-top-column elementor-element elementor-element-d3f17cc elementor-invisible\" data-id=\"d3f17cc\" data-element_type=\"column\" data-e-type=\"column\" data-settings=\"{&quot;animation&quot;:&quot;slideInDown&quot;}\">\n\t\t\t<div class=\"elementor-widget-wrap elementor-element-populated\">\n\t\t\t\t\t\t<div class=\"elementor-element elementor-element-22b04e2 elementor-widget elementor-widget-text-editor\" data-id=\"22b04e2\" data-element_type=\"widget\" data-e-type=\"widget\" data-widget_type=\"text-editor.default\">\n\t\t\t\t<div class=\"elementor-widget-container\">\n\t\t\t\t\t\t\t\t\t<p class=\"font_8 wixui-rich-text__text\" style=\"background: transparent; border: 0px; outline: 0px; padding: 0px; vertical-align: baseline; pointer-events: auto; font-size: 16px; color: rgb(var(--color_15)); margin-block: 0px; margin-right: 0px; margin-bottom: 0px; margin-left: 0px;\"><span class=\"wixui-rich-text__text\" style=\"background: transparent; border: 0px; margin: 0px; outline: 0px; padding: 0px; vertical-align: baseline;\">O Concurso, parte do projecto REVIVE, tem como objectivo principal a dignifica\u00e7\u00e3o e preserva\u00e7\u00e3o do antigo Forte atrav\u00e9s da implementa\u00e7\u00e3o de um empreendimento tur\u00edstico, alojamento local ou outro projecto de voca\u00e7\u00e3o tur\u00edstica.<\/span><\/p><p class=\"font_8 wixui-rich-text__text\" style=\"background: transparent; border: 0px; outline: 0px; padding: 0px; vertical-align: baseline; pointer-events: auto; font-size: 16px; color: rgb(var(--color_15)); margin-block: 0px; margin-right: 0px; margin-bottom: 0px; margin-left: 0px;\">\u00a0<\/p><p class=\"font_8 wixui-rich-text__text\" style=\"background: transparent; border: 0px; outline: 0px; padding: 0px; vertical-align: baseline; pointer-events: auto; font-size: 16px; color: rgb(var(--color_15)); margin-block: 0px; margin-right: 0px; margin-bottom: 0px; margin-left: 0px;\"><span class=\"wixui-rich-text__text\" style=\"background: transparent; border: 0px; margin: 0px; outline: 0px; padding: 0px; vertical-align: baseline;\">O programa funcional a executar deve privilegiar o alojamento, incluindo outras val\u00eancias como a restaura\u00e7\u00e3o. Neste sentido, existe a possibilidade de criar um ancoradouro pr\u00f3prio, nas imedia\u00e7\u00e3o do forte , que permitir\u00e1 uma maior integra\u00e7\u00e3o com a Ria e possibilitar\u00e1 o desenvolvimento de atividades n\u00e1uticas.<\/span><\/p><p class=\"font_8 wixui-rich-text__text\" style=\"background: transparent; border: 0px; outline: 0px; padding: 0px; vertical-align: baseline; pointer-events: auto; font-size: 16px; color: rgb(var(--color_15)); margin-block: 0px; margin-right: 0px; margin-bottom: 0px; margin-left: 0px;\">\u00a0<\/p><p class=\"font_8 wixui-rich-text__text\" style=\"background: transparent; border: 0px; outline: 0px; padding: 0px; vertical-align: baseline; pointer-events: auto; font-size: 16px; color: rgb(var(--color_15)); margin-block: 0px; margin-right: 0px; margin-bottom: 0px; margin-left: 0px;\"><span class=\"wixui-rich-text__text\" style=\"background: transparent; border: 0px; margin: 0px; outline: 0px; padding: 0px; vertical-align: baseline;\">O espa\u00e7o exterior existente volta-se quase na sua totalidade para a ria. Deste modo, os diferentes espa\u00e7os existentes devem ser reabilitados de forma a permitir um melhor aproveitamento das val\u00eancias deste im\u00f3vel, procurando criar espa\u00e7os distintos com zonas de descanso e frui\u00e7\u00e3o.<\/span><\/p>\t\t\t\t\t\t\t\t<\/div>\n\t\t\t\t<\/div>\n\t\t\t\t\t<\/div>\n\t\t<\/div>\n\t\t\t\t<div class=\"elementor-column elementor-col-50 elementor-top-column elementor-element elementor-element-b2a661a elementor-invisible\" data-id=\"b2a661a\" data-element_type=\"column\" data-e-type=\"column\" data-settings=\"{&quot;animation&quot;:&quot;slideInRight&quot;}\">\n\t\t\t<div class=\"elementor-widget-wrap elementor-element-populated\">\n\t\t\t\t\t\t<div class=\"elementor-element elementor-element-2fabc19 elementor-widget elementor-widget-image\" data-id=\"2fabc19\" data-element_type=\"widget\" data-e-type=\"widget\" data-widget_type=\"image.default\">\n\t\t\t\t<div class=\"elementor-widget-container\">\n\t\t\t\t\t\t\t\t\t\t\t\t\t\t\t\t<a href=\"https:\/\/fortedabarra.pt\/wp-content\/uploads\/2023\/08\/6f3d14_ddf684acbf1841e6b615beb64353e927mv2-copiar.jpg\" data-elementor-open-lightbox=\"yes\" data-elementor-lightbox-title=\"6f3d14_ddf684acbf1841e6b615beb64353e927~mv2 copiar\" data-e-action-hash=\"#elementor-action%3Aaction%3Dlightbox%26settings%3DeyJpZCI6MzI3LCJ1cmwiOiJodHRwczpcL1wvZm9ydGVkYWJhcnJhLnB0XC93cC1jb250ZW50XC91cGxvYWRzXC8yMDIzXC8wOFwvNmYzZDE0X2RkZjY4NGFjYmYxODQxZTZiNjE1YmViNjQzNTNlOTI3bXYyLWNvcGlhci5qcGcifQ%3D%3D\">\n\t\t\t\t\t\t\t<img fetchpriority=\"high\" decoding=\"async\" width=\"640\" height=\"375\" src=\"https:\/\/fortedabarra.pt\/wp-content\/uploads\/2023\/08\/6f3d14_ddf684acbf1841e6b615beb64353e927mv2-copiar.jpg\" class=\"attachment-large size-large wp-image-327\" alt=\"\" srcset=\"https:\/\/fortedabarra.pt\/wp-content\/uploads\/2023\/08\/6f3d14_ddf684acbf1841e6b615beb64353e927mv2-copiar.jpg 1000w, https:\/\/fortedabarra.pt\/wp-content\/uploads\/2023\/08\/6f3d14_ddf684acbf1841e6b615beb64353e927mv2-copiar-300x176.jpg 300w, https:\/\/fortedabarra.pt\/wp-content\/uploads\/2023\/08\/6f3d14_ddf684acbf1841e6b615beb64353e927mv2-copiar-768x450.jpg 768w\" sizes=\"(max-width: 640px) 100vw, 640px\" \/>\t\t\t\t\t\t\t\t<\/a>\n\t\t\t\t\t\t\t\t\t\t\t\t\t\t\t<\/div>\n\t\t\t\t<\/div>\n\t\t\t\t\t<\/div>\n\t\t<\/div>\n\t\t\t\t\t<\/div>\n\t\t<\/section>\n\t\t\t\t<section class=\"elementor-section elementor-top-section elementor-element elementor-element-c071f87 elementor-section-boxed elementor-section-height-default elementor-section-height-default\" data-id=\"c071f87\" data-element_type=\"section\" data-e-type=\"section\">\n\t\t\t\t\t\t<div class=\"elementor-container elementor-column-gap-default\">\n\t\t\t\t\t<div class=\"elementor-column elementor-col-100 elementor-top-column elementor-element elementor-element-a5c26f9\" data-id=\"a5c26f9\" data-element_type=\"column\" data-e-type=\"column\">\n\t\t\t<div class=\"elementor-widget-wrap elementor-element-populated\">\n\t\t\t\t\t\t<div class=\"elementor-element elementor-element-6ff3af0 elementor-widget elementor-widget-spacer\" data-id=\"6ff3af0\" data-element_type=\"widget\" data-e-type=\"widget\" data-widget_type=\"spacer.default\">\n\t\t\t\t<div class=\"elementor-widget-container\">\n\t\t\t\t\t\t\t<div class=\"elementor-spacer\">\n\t\t\t<div class=\"elementor-spacer-inner\"><\/div>\n\t\t<\/div>\n\t\t\t\t\t\t<\/div>\n\t\t\t\t<\/div>\n\t\t\t\t\t<\/div>\n\t\t<\/div>\n\t\t\t\t\t<\/div>\n\t\t<\/section>\n\t\t\t\t<section class=\"elementor-section elementor-top-section elementor-element elementor-element-0d335cd elementor-section-boxed elementor-section-height-default elementor-section-height-default\" data-id=\"0d335cd\" data-element_type=\"section\" data-e-type=\"section\">\n\t\t\t\t\t\t<div class=\"elementor-container elementor-column-gap-default\">\n\t\t\t\t\t<div class=\"elementor-column elementor-col-33 elementor-top-column elementor-element elementor-element-5930b1d elementor-invisible\" data-id=\"5930b1d\" data-element_type=\"column\" data-e-type=\"column\" data-settings=\"{&quot;animation&quot;:&quot;slideInLeft&quot;}\">\n\t\t\t<div class=\"elementor-widget-wrap elementor-element-populated\">\n\t\t\t\t\t\t<div class=\"elementor-element elementor-element-47ceaae elementor-view-default elementor-position-block-start elementor-mobile-position-block-start elementor-widget elementor-widget-icon-box\" data-id=\"47ceaae\" data-element_type=\"widget\" data-e-type=\"widget\" data-widget_type=\"icon-box.default\">\n\t\t\t\t<div class=\"elementor-widget-container\">\n\t\t\t\t\t\t\t<div class=\"elementor-icon-box-wrapper\">\n\n\t\t\t\t\t\t<div class=\"elementor-icon-box-icon\">\n\t\t\t\t<span  class=\"elementor-icon\">\n\t\t\t\t<i aria-hidden=\"true\" class=\"fas fa-building\"><\/i>\t\t\t\t<\/span>\n\t\t\t<\/div>\n\t\t\t\n\t\t\t\t\t\t<div class=\"elementor-icon-box-content\">\n\n\t\t\t\t\t\t\t\t\t<h3 class=\"elementor-icon-box-title\">\n\t\t\t\t\t\t<span  >\n\t\t\t\t\t\t\tForte da Barra\t\t\t\t\t\t<\/span>\n\t\t\t\t\t<\/h3>\n\t\t\t\t\n\t\t\t\t\t\t\t\t\t<p class=\"elementor-icon-box-description\">\n\t\t\t\t\t\tEmpreendimento&nbsp;Turistico\t\t\t\t\t<\/p>\n\t\t\t\t\n\t\t\t<\/div>\n\t\t\t\n\t\t<\/div>\n\t\t\t\t\t\t<\/div>\n\t\t\t\t<\/div>\n\t\t\t\t\t<\/div>\n\t\t<\/div>\n\t\t\t\t<div class=\"elementor-column elementor-col-33 elementor-top-column elementor-element elementor-element-8edfb2f elementor-invisible\" data-id=\"8edfb2f\" data-element_type=\"column\" data-e-type=\"column\" data-settings=\"{&quot;animation&quot;:&quot;slideInDown&quot;}\">\n\t\t\t<div class=\"elementor-widget-wrap elementor-element-populated\">\n\t\t\t\t\t\t<div class=\"elementor-element elementor-element-73d24e7 elementor-view-default elementor-position-block-start elementor-mobile-position-block-start elementor-widget elementor-widget-icon-box\" data-id=\"73d24e7\" data-element_type=\"widget\" data-e-type=\"widget\" data-widget_type=\"icon-box.default\">\n\t\t\t\t<div class=\"elementor-widget-container\">\n\t\t\t\t\t\t\t<div class=\"elementor-icon-box-wrapper\">\n\n\t\t\t\t\t\t<div class=\"elementor-icon-box-icon\">\n\t\t\t\t<span  class=\"elementor-icon\">\n\t\t\t\t<i aria-hidden=\"true\" class=\"fas fa-map-marker-alt\"><\/i>\t\t\t\t<\/span>\n\t\t\t<\/div>\n\t\t\t\n\t\t\t\t\t\t<div class=\"elementor-icon-box-content\">\n\n\t\t\t\t\t\t\t\t\t<h3 class=\"elementor-icon-box-title\">\n\t\t\t\t\t\t<span  >\n\t\t\t\t\t\t\tAveiro\t\t\t\t\t\t<\/span>\n\t\t\t\t\t<\/h3>\n\t\t\t\t\n\t\t\t\t\t\t\t\t\t<p class=\"elementor-icon-box-description\">\n\t\t\t\t\t\t\u00cdlhavo - Gafanha&nbsp;da&nbsp;Nazar\u00e9\t\t\t\t\t<\/p>\n\t\t\t\t\n\t\t\t<\/div>\n\t\t\t\n\t\t<\/div>\n\t\t\t\t\t\t<\/div>\n\t\t\t\t<\/div>\n\t\t\t\t\t<\/div>\n\t\t<\/div>\n\t\t\t\t<div class=\"elementor-column elementor-col-33 elementor-top-column elementor-element elementor-element-0a5ab8f elementor-invisible\" data-id=\"0a5ab8f\" data-element_type=\"column\" data-e-type=\"column\" data-settings=\"{&quot;animation&quot;:&quot;slideInRight&quot;}\">\n\t\t\t<div class=\"elementor-widget-wrap elementor-element-populated\">\n\t\t\t\t\t\t<div class=\"elementor-element elementor-element-a70c23a elementor-view-default elementor-position-block-start elementor-mobile-position-block-start elementor-widget elementor-widget-icon-box\" data-id=\"a70c23a\" data-element_type=\"widget\" data-e-type=\"widget\" data-widget_type=\"icon-box.default\">\n\t\t\t\t<div class=\"elementor-widget-container\">\n\t\t\t\t\t\t\t<div class=\"elementor-icon-box-wrapper\">\n\n\t\t\t\t\t\t<div class=\"elementor-icon-box-icon\">\n\t\t\t\t<span  class=\"elementor-icon\">\n\t\t\t\t<i aria-hidden=\"true\" class=\"far fa-calendar-check\"><\/i>\t\t\t\t<\/span>\n\t\t\t<\/div>\n\t\t\t\n\t\t\t\t\t\t<div class=\"elementor-icon-box-content\">\n\n\t\t\t\t\t\t\t\t\t<h3 class=\"elementor-icon-box-title\">\n\t\t\t\t\t\t<span  >\n\t\t\t\t\t\t\t2025\t\t\t\t\t\t<\/span>\n\t\t\t\t\t<\/h3>\n\t\t\t\t\n\t\t\t\t\t\t\t\t\t<p class=\"elementor-icon-box-description\">\n\t\t\t\t\t\tAno para Abertura\t\t\t\t\t<\/p>\n\t\t\t\t\n\t\t\t<\/div>\n\t\t\t\n\t\t<\/div>\n\t\t\t\t\t\t<\/div>\n\t\t\t\t<\/div>\n\t\t\t\t\t<\/div>\n\t\t<\/div>\n\t\t\t\t\t<\/div>\n\t\t<\/section>\n\t\t\t\t<section class=\"elementor-section elementor-top-section elementor-element elementor-element-0d7dd3f elementor-section-boxed elementor-section-height-default elementor-section-height-default\" data-id=\"0d7dd3f\" data-element_type=\"section\" data-e-type=\"section\">\n\t\t\t\t\t\t<div class=\"elementor-container elementor-column-gap-default\">\n\t\t\t\t\t<div class=\"elementor-column elementor-col-100 elementor-top-column elementor-element elementor-element-84ba55e\" data-id=\"84ba55e\" data-element_type=\"column\" data-e-type=\"column\">\n\t\t\t<div class=\"elementor-widget-wrap elementor-element-populated\">\n\t\t\t\t\t\t<div class=\"elementor-element elementor-element-131022f elementor-widget elementor-widget-spacer\" data-id=\"131022f\" data-element_type=\"widget\" data-e-type=\"widget\" data-widget_type=\"spacer.default\">\n\t\t\t\t<div class=\"elementor-widget-container\">\n\t\t\t\t\t\t\t<div class=\"elementor-spacer\">\n\t\t\t<div class=\"elementor-spacer-inner\"><\/div>\n\t\t<\/div>\n\t\t\t\t\t\t<\/div>\n\t\t\t\t<\/div>\n\t\t\t\t<div class=\"elementor-element elementor-element-46be346 gallery-spacing-custom elementor-invisible elementor-widget elementor-widget-image-gallery\" data-id=\"46be346\" data-element_type=\"widget\" data-e-type=\"widget\" data-settings=\"{&quot;_animation&quot;:&quot;slideInUp&quot;}\" data-widget_type=\"image-gallery.default\">\n\t\t\t\t<div class=\"elementor-widget-container\">\n\t\t\t\t\t\t\t<div class=\"elementor-image-gallery\">\n\t\t\t<div id='gallery-1' class='gallery galleryid-298 gallery-columns-2 gallery-size-2048x2048'><figure class='gallery-item'>\n\t\t\t<div class='gallery-icon landscape'>\n\t\t\t\t<a data-elementor-open-lightbox=\"yes\" data-elementor-lightbox-slideshow=\"46be346\" data-elementor-lightbox-title=\"1 Hotel - passagem via Publica\" data-e-action-hash=\"#elementor-action%3Aaction%3Dlightbox%26settings%3DeyJpZCI6MzMzLCJ1cmwiOiJodHRwczpcL1wvZm9ydGVkYWJhcnJhLnB0XC93cC1jb250ZW50XC91cGxvYWRzXC8yMDIzXC8wOFwvMS1Ib3RlbC1wYXNzYWdlbS12aWEtUHVibGljYS0ud2VicCIsInNsaWRlc2hvdyI6IjQ2YmUzNDYifQ%3D%3D\" href='https:\/\/fortedabarra.pt\/wp-content\/uploads\/2023\/08\/1-Hotel-passagem-via-Publica-.webp'><img decoding=\"async\" width=\"625\" height=\"396\" src=\"https:\/\/fortedabarra.pt\/wp-content\/uploads\/2023\/08\/1-Hotel-passagem-via-Publica-.webp\" class=\"attachment-2048x2048 size-2048x2048\" alt=\"\" aria-describedby=\"gallery-1-333\" srcset=\"https:\/\/fortedabarra.pt\/wp-content\/uploads\/2023\/08\/1-Hotel-passagem-via-Publica-.webp 625w, https:\/\/fortedabarra.pt\/wp-content\/uploads\/2023\/08\/1-Hotel-passagem-via-Publica--300x190.webp 300w\" sizes=\"(max-width: 625px) 100vw, 625px\" \/><\/a>\n\t\t\t<\/div>\n\t\t\t\t<figcaption class='wp-caption-text gallery-caption' id='gallery-1-333'>\n\t\t\t\tHotel &#8211; passagem via Publica\n\t\t\t\t<\/figcaption><\/figure><figure class='gallery-item'>\n\t\t\t<div class='gallery-icon landscape'>\n\t\t\t\t<a data-elementor-open-lightbox=\"yes\" data-elementor-lightbox-slideshow=\"46be346\" data-elementor-lightbox-title=\"2 Rela\u00e7\u00e3o entre o edificado e n\u00facleo do Forte\" data-e-action-hash=\"#elementor-action%3Aaction%3Dlightbox%26settings%3DeyJpZCI6MzM0LCJ1cmwiOiJodHRwczpcL1wvZm9ydGVkYWJhcnJhLnB0XC93cC1jb250ZW50XC91cGxvYWRzXC8yMDIzXC8wOFwvMi1SZWxhY2FvLWVudHJlLW8tZWRpZmljYWRvLWUtbnVjbGVvLWRvLUZvcnRlLndlYnAiLCJzbGlkZXNob3ciOiI0NmJlMzQ2In0%3D\" href='https:\/\/fortedabarra.pt\/wp-content\/uploads\/2023\/08\/2-Relacao-entre-o-edificado-e-nucleo-do-Forte.webp'><img decoding=\"async\" width=\"638\" height=\"388\" src=\"https:\/\/fortedabarra.pt\/wp-content\/uploads\/2023\/08\/2-Relacao-entre-o-edificado-e-nucleo-do-Forte.webp\" class=\"attachment-2048x2048 size-2048x2048\" alt=\"\" aria-describedby=\"gallery-1-334\" srcset=\"https:\/\/fortedabarra.pt\/wp-content\/uploads\/2023\/08\/2-Relacao-entre-o-edificado-e-nucleo-do-Forte.webp 638w, https:\/\/fortedabarra.pt\/wp-content\/uploads\/2023\/08\/2-Relacao-entre-o-edificado-e-nucleo-do-Forte-300x182.webp 300w\" sizes=\"(max-width: 638px) 100vw, 638px\" \/><\/a>\n\t\t\t<\/div>\n\t\t\t\t<figcaption class='wp-caption-text gallery-caption' id='gallery-1-334'>\n\t\t\t\tRela\u00e7\u00e3o entre o edificado e n\u00facleo do Forte\n\t\t\t\t<\/figcaption><\/figure><figure class='gallery-item'>\n\t\t\t<div class='gallery-icon landscape'>\n\t\t\t\t<a data-elementor-open-lightbox=\"yes\" data-elementor-lightbox-slideshow=\"46be346\" data-elementor-lightbox-title=\"3 Al\u00e7ado Posterior - Espa\u00e7o exterior\" data-e-action-hash=\"#elementor-action%3Aaction%3Dlightbox%26settings%3DeyJpZCI6MzM1LCJ1cmwiOiJodHRwczpcL1wvZm9ydGVkYWJhcnJhLnB0XC93cC1jb250ZW50XC91cGxvYWRzXC8yMDIzXC8wOFwvMy1BbGNhZG8tUG9zdGVyaW9yLUVzcGFjby1leHRlcmlvci53ZWJwIiwic2xpZGVzaG93IjoiNDZiZTM0NiJ9\" href='https:\/\/fortedabarra.pt\/wp-content\/uploads\/2023\/08\/3-Alcado-Posterior-Espaco-exterior.webp'><img loading=\"lazy\" decoding=\"async\" width=\"638\" height=\"387\" src=\"https:\/\/fortedabarra.pt\/wp-content\/uploads\/2023\/08\/3-Alcado-Posterior-Espaco-exterior.webp\" class=\"attachment-2048x2048 size-2048x2048\" alt=\"\" aria-describedby=\"gallery-1-335\" srcset=\"https:\/\/fortedabarra.pt\/wp-content\/uploads\/2023\/08\/3-Alcado-Posterior-Espaco-exterior.webp 638w, https:\/\/fortedabarra.pt\/wp-content\/uploads\/2023\/08\/3-Alcado-Posterior-Espaco-exterior-300x182.webp 300w\" sizes=\"(max-width: 638px) 100vw, 638px\" \/><\/a>\n\t\t\t<\/div>\n\t\t\t\t<figcaption class='wp-caption-text gallery-caption' id='gallery-1-335'>\n\t\t\t\tAl\u00e7ado Posterior &#8211; Espa\u00e7o exterior\n\t\t\t\t<\/figcaption><\/figure><figure class='gallery-item'>\n\t\t\t<div class='gallery-icon landscape'>\n\t\t\t\t<a data-elementor-open-lightbox=\"yes\" data-elementor-lightbox-slideshow=\"46be346\" data-elementor-lightbox-title=\"4 Rela\u00e7\u00e3o entre n\u00facleo do Forte e hotel\" data-e-action-hash=\"#elementor-action%3Aaction%3Dlightbox%26settings%3DeyJpZCI6MzM2LCJ1cmwiOiJodHRwczpcL1wvZm9ydGVkYWJhcnJhLnB0XC93cC1jb250ZW50XC91cGxvYWRzXC8yMDIzXC8wOFwvNC1SZWxhY2FvLWVudHJlLW51Y2xlby1kby1Gb3J0ZS1lLWhvdGVsLndlYnAiLCJzbGlkZXNob3ciOiI0NmJlMzQ2In0%3D\" href='https:\/\/fortedabarra.pt\/wp-content\/uploads\/2023\/08\/4-Relacao-entre-nucleo-do-Forte-e-hotel.webp'><img loading=\"lazy\" decoding=\"async\" width=\"643\" height=\"384\" src=\"https:\/\/fortedabarra.pt\/wp-content\/uploads\/2023\/08\/4-Relacao-entre-nucleo-do-Forte-e-hotel.webp\" class=\"attachment-2048x2048 size-2048x2048\" alt=\"\" aria-describedby=\"gallery-1-336\" srcset=\"https:\/\/fortedabarra.pt\/wp-content\/uploads\/2023\/08\/4-Relacao-entre-nucleo-do-Forte-e-hotel.webp 643w, https:\/\/fortedabarra.pt\/wp-content\/uploads\/2023\/08\/4-Relacao-entre-nucleo-do-Forte-e-hotel-300x179.webp 300w\" sizes=\"(max-width: 643px) 100vw, 643px\" \/><\/a>\n\t\t\t<\/div>\n\t\t\t\t<figcaption class='wp-caption-text gallery-caption' id='gallery-1-336'>\n\t\t\t\tRela\u00e7\u00e3o entre n\u00facleo do Forte e hotel\n\t\t\t\t<\/figcaption><\/figure><figure class='gallery-item'>\n\t\t\t<div class='gallery-icon landscape'>\n\t\t\t\t<a data-elementor-open-lightbox=\"yes\" data-elementor-lightbox-slideshow=\"46be346\" data-elementor-lightbox-title=\"5 Passagem - Ponte para o n\u00facleo do Forte\" data-e-action-hash=\"#elementor-action%3Aaction%3Dlightbox%26settings%3DeyJpZCI6MzM3LCJ1cmwiOiJodHRwczpcL1wvZm9ydGVkYWJhcnJhLnB0XC93cC1jb250ZW50XC91cGxvYWRzXC8yMDIzXC8wOFwvNS1QYXNzYWdlbS1Qb250ZS1wYXJhLW8tbnVjbGVvLWRvLUZvcnRlLndlYnAiLCJzbGlkZXNob3ciOiI0NmJlMzQ2In0%3D\" href='https:\/\/fortedabarra.pt\/wp-content\/uploads\/2023\/08\/5-Passagem-Ponte-para-o-nucleo-do-Forte.webp'><img loading=\"lazy\" decoding=\"async\" width=\"643\" height=\"382\" src=\"https:\/\/fortedabarra.pt\/wp-content\/uploads\/2023\/08\/5-Passagem-Ponte-para-o-nucleo-do-Forte.webp\" class=\"attachment-2048x2048 size-2048x2048\" alt=\"\" aria-describedby=\"gallery-1-337\" srcset=\"https:\/\/fortedabarra.pt\/wp-content\/uploads\/2023\/08\/5-Passagem-Ponte-para-o-nucleo-do-Forte.webp 643w, https:\/\/fortedabarra.pt\/wp-content\/uploads\/2023\/08\/5-Passagem-Ponte-para-o-nucleo-do-Forte-300x178.webp 300w\" sizes=\"(max-width: 643px) 100vw, 643px\" \/><\/a>\n\t\t\t<\/div>\n\t\t\t\t<figcaption class='wp-caption-text gallery-caption' id='gallery-1-337'>\n\t\t\t\tPassagem &#8211; Ponte para o n\u00facleo do Forte\n\t\t\t\t<\/figcaption><\/figure><figure class='gallery-item'>\n\t\t\t<div class='gallery-icon landscape'>\n\t\t\t\t<a data-elementor-open-lightbox=\"yes\" data-elementor-lightbox-slideshow=\"46be346\" data-elementor-lightbox-title=\"6 Cobertura do Farol\" data-e-action-hash=\"#elementor-action%3Aaction%3Dlightbox%26settings%3DeyJpZCI6MzM4LCJ1cmwiOiJodHRwczpcL1wvZm9ydGVkYWJhcnJhLnB0XC93cC1jb250ZW50XC91cGxvYWRzXC8yMDIzXC8wOFwvNi1Db2JlcnR1cmEtZG8tRmFyb2wud2VicCIsInNsaWRlc2hvdyI6IjQ2YmUzNDYifQ%3D%3D\" href='https:\/\/fortedabarra.pt\/wp-content\/uploads\/2023\/08\/6-Cobertura-do-Farol.webp'><img loading=\"lazy\" decoding=\"async\" width=\"640\" height=\"384\" src=\"https:\/\/fortedabarra.pt\/wp-content\/uploads\/2023\/08\/6-Cobertura-do-Farol.webp\" class=\"attachment-2048x2048 size-2048x2048\" alt=\"\" aria-describedby=\"gallery-1-338\" srcset=\"https:\/\/fortedabarra.pt\/wp-content\/uploads\/2023\/08\/6-Cobertura-do-Farol.webp 640w, https:\/\/fortedabarra.pt\/wp-content\/uploads\/2023\/08\/6-Cobertura-do-Farol-300x180.webp 300w\" sizes=\"(max-width: 640px) 100vw, 640px\" \/><\/a>\n\t\t\t<\/div>\n\t\t\t\t<figcaption class='wp-caption-text gallery-caption' id='gallery-1-338'>\n\t\t\t\tCobertura do Farol\n\t\t\t\t<\/figcaption><\/figure><figure class='gallery-item'>\n\t\t\t<div class='gallery-icon landscape'>\n\t\t\t\t<a data-elementor-open-lightbox=\"yes\" data-elementor-lightbox-slideshow=\"46be346\" data-elementor-lightbox-title=\"7 Praia - espa\u00e7os exteriores\" data-e-action-hash=\"#elementor-action%3Aaction%3Dlightbox%26settings%3DeyJpZCI6MzM5LCJ1cmwiOiJodHRwczpcL1wvZm9ydGVkYWJhcnJhLnB0XC93cC1jb250ZW50XC91cGxvYWRzXC8yMDIzXC8wOFwvNy1QcmFpYS1lc3BhY29zLWV4dGVyaW9yZXMud2VicCIsInNsaWRlc2hvdyI6IjQ2YmUzNDYifQ%3D%3D\" href='https:\/\/fortedabarra.pt\/wp-content\/uploads\/2023\/08\/7-Praia-espacos-exteriores.webp'><img loading=\"lazy\" decoding=\"async\" width=\"640\" height=\"385\" src=\"https:\/\/fortedabarra.pt\/wp-content\/uploads\/2023\/08\/7-Praia-espacos-exteriores.webp\" class=\"attachment-2048x2048 size-2048x2048\" alt=\"\" aria-describedby=\"gallery-1-339\" srcset=\"https:\/\/fortedabarra.pt\/wp-content\/uploads\/2023\/08\/7-Praia-espacos-exteriores.webp 640w, https:\/\/fortedabarra.pt\/wp-content\/uploads\/2023\/08\/7-Praia-espacos-exteriores-300x180.webp 300w\" sizes=\"(max-width: 640px) 100vw, 640px\" \/><\/a>\n\t\t\t<\/div>\n\t\t\t\t<figcaption class='wp-caption-text gallery-caption' id='gallery-1-339'>\n\t\t\t\tPraia &#8211; espa\u00e7os exteriores\n\t\t\t\t<\/figcaption><\/figure><figure class='gallery-item'>\n\t\t\t<div class='gallery-icon landscape'>\n\t\t\t\t<a data-elementor-open-lightbox=\"yes\" data-elementor-lightbox-slideshow=\"46be346\" data-elementor-lightbox-title=\"8 Rela\u00e7\u00e3o entre a cobertura do hotel e envolvente\" data-e-action-hash=\"#elementor-action%3Aaction%3Dlightbox%26settings%3DeyJpZCI6MzQwLCJ1cmwiOiJodHRwczpcL1wvZm9ydGVkYWJhcnJhLnB0XC93cC1jb250ZW50XC91cGxvYWRzXC8yMDIzXC8wOFwvOC1SZWxhY2FvLWVudHJlLWEtY29iZXJ0dXJhLWRvLWhvdGVsLWUtZW52b2x2ZW50ZS53ZWJwIiwic2xpZGVzaG93IjoiNDZiZTM0NiJ9\" href='https:\/\/fortedabarra.pt\/wp-content\/uploads\/2023\/08\/8-Relacao-entre-a-cobertura-do-hotel-e-envolvente.webp'><img loading=\"lazy\" decoding=\"async\" width=\"639\" height=\"378\" src=\"https:\/\/fortedabarra.pt\/wp-content\/uploads\/2023\/08\/8-Relacao-entre-a-cobertura-do-hotel-e-envolvente.webp\" class=\"attachment-2048x2048 size-2048x2048\" alt=\"\" aria-describedby=\"gallery-1-340\" srcset=\"https:\/\/fortedabarra.pt\/wp-content\/uploads\/2023\/08\/8-Relacao-entre-a-cobertura-do-hotel-e-envolvente.webp 639w, https:\/\/fortedabarra.pt\/wp-content\/uploads\/2023\/08\/8-Relacao-entre-a-cobertura-do-hotel-e-envolvente-300x177.webp 300w\" sizes=\"(max-width: 639px) 100vw, 639px\" \/><\/a>\n\t\t\t<\/div>\n\t\t\t\t<figcaption class='wp-caption-text gallery-caption' id='gallery-1-340'>\n\t\t\t\tRela\u00e7\u00e3o entre a cobertura do hotel e envolvente\n\t\t\t\t<\/figcaption><\/figure><figure class='gallery-item'>\n\t\t\t<div class='gallery-icon landscape'>\n\t\t\t\t<a data-elementor-open-lightbox=\"yes\" data-elementor-lightbox-slideshow=\"46be346\" data-elementor-lightbox-title=\"9 Cobertura vegetal\" data-e-action-hash=\"#elementor-action%3Aaction%3Dlightbox%26settings%3DeyJpZCI6MzQxLCJ1cmwiOiJodHRwczpcL1wvZm9ydGVkYWJhcnJhLnB0XC93cC1jb250ZW50XC91cGxvYWRzXC8yMDIzXC8wOFwvOS1Db2JlcnR1cmEtdmVnZXRhbC53ZWJwIiwic2xpZGVzaG93IjoiNDZiZTM0NiJ9\" href='https:\/\/fortedabarra.pt\/wp-content\/uploads\/2023\/08\/9-Cobertura-vegetal.webp'><img loading=\"lazy\" decoding=\"async\" width=\"643\" height=\"381\" src=\"https:\/\/fortedabarra.pt\/wp-content\/uploads\/2023\/08\/9-Cobertura-vegetal.webp\" class=\"attachment-2048x2048 size-2048x2048\" alt=\"\" aria-describedby=\"gallery-1-341\" srcset=\"https:\/\/fortedabarra.pt\/wp-content\/uploads\/2023\/08\/9-Cobertura-vegetal.webp 643w, https:\/\/fortedabarra.pt\/wp-content\/uploads\/2023\/08\/9-Cobertura-vegetal-300x178.webp 300w\" sizes=\"(max-width: 643px) 100vw, 643px\" \/><\/a>\n\t\t\t<\/div>\n\t\t\t\t<figcaption class='wp-caption-text gallery-caption' id='gallery-1-341'>\n\t\t\t\tCobertura vegetal\n\t\t\t\t<\/figcaption><\/figure><figure class='gallery-item'>\n\t\t\t<div class='gallery-icon landscape'>\n\t\t\t\t<a data-elementor-open-lightbox=\"yes\" data-elementor-lightbox-slideshow=\"46be346\" data-elementor-lightbox-title=\"10 Zona da piscina\" data-e-action-hash=\"#elementor-action%3Aaction%3Dlightbox%26settings%3DeyJpZCI6MzQyLCJ1cmwiOiJodHRwczpcL1wvZm9ydGVkYWJhcnJhLnB0XC93cC1jb250ZW50XC91cGxvYWRzXC8yMDIzXC8wOFwvMTAtWm9uYS1kYS1waXNjaW5hLndlYnAiLCJzbGlkZXNob3ciOiI0NmJlMzQ2In0%3D\" href='https:\/\/fortedabarra.pt\/wp-content\/uploads\/2023\/08\/10-Zona-da-piscina.webp'><img loading=\"lazy\" decoding=\"async\" width=\"639\" height=\"383\" src=\"https:\/\/fortedabarra.pt\/wp-content\/uploads\/2023\/08\/10-Zona-da-piscina.webp\" class=\"attachment-2048x2048 size-2048x2048\" alt=\"\" aria-describedby=\"gallery-1-342\" srcset=\"https:\/\/fortedabarra.pt\/wp-content\/uploads\/2023\/08\/10-Zona-da-piscina.webp 639w, https:\/\/fortedabarra.pt\/wp-content\/uploads\/2023\/08\/10-Zona-da-piscina-300x180.webp 300w\" sizes=\"(max-width: 639px) 100vw, 639px\" \/><\/a>\n\t\t\t<\/div>\n\t\t\t\t<figcaption class='wp-caption-text gallery-caption' id='gallery-1-342'>\n\t\t\t\tZona da piscina\n\t\t\t\t<\/figcaption><\/figure><figure class='gallery-item'>\n\t\t\t<div class='gallery-icon landscape'>\n\t\t\t\t<a data-elementor-open-lightbox=\"yes\" data-elementor-lightbox-slideshow=\"46be346\" data-elementor-lightbox-title=\"11 Vista da interven\u00e7\u00e3o da Ria de Aveiro\" data-e-action-hash=\"#elementor-action%3Aaction%3Dlightbox%26settings%3DeyJpZCI6MzQzLCJ1cmwiOiJodHRwczpcL1wvZm9ydGVkYWJhcnJhLnB0XC93cC1jb250ZW50XC91cGxvYWRzXC8yMDIzXC8wOFwvMTEtVmlzdGEtZGEtaW50ZXJ2ZW5jYW8tZGEtUmlhLWRlLUF2ZWlyby53ZWJwIiwic2xpZGVzaG93IjoiNDZiZTM0NiJ9\" href='https:\/\/fortedabarra.pt\/wp-content\/uploads\/2023\/08\/11-Vista-da-intervencao-da-Ria-de-Aveiro.webp'><img loading=\"lazy\" decoding=\"async\" width=\"1014\" height=\"569\" src=\"https:\/\/fortedabarra.pt\/wp-content\/uploads\/2023\/08\/11-Vista-da-intervencao-da-Ria-de-Aveiro.webp\" class=\"attachment-2048x2048 size-2048x2048\" alt=\"\" aria-describedby=\"gallery-1-343\" srcset=\"https:\/\/fortedabarra.pt\/wp-content\/uploads\/2023\/08\/11-Vista-da-intervencao-da-Ria-de-Aveiro.webp 1014w, https:\/\/fortedabarra.pt\/wp-content\/uploads\/2023\/08\/11-Vista-da-intervencao-da-Ria-de-Aveiro-300x168.webp 300w, https:\/\/fortedabarra.pt\/wp-content\/uploads\/2023\/08\/11-Vista-da-intervencao-da-Ria-de-Aveiro-768x431.webp 768w\" sizes=\"(max-width: 1014px) 100vw, 1014px\" \/><\/a>\n\t\t\t<\/div>\n\t\t\t\t<figcaption class='wp-caption-text gallery-caption' id='gallery-1-343'>\n\t\t\t\tVista da interven\u00e7\u00e3o da Ria de Aveiro\n\t\t\t\t<\/figcaption><\/figure>\n\t\t<\/div>\n\t\t<\/div>\n\t\t\t\t\t\t<\/div>\n\t\t\t\t<\/div>\n\t\t\t\t\t<\/div>\n\t\t<\/div>\n\t\t\t\t\t<\/div>\n\t\t<\/section>\n\t\t\t\t<\/div>\n\t\t","protected":false},"excerpt":{"rendered":"<p>[rev_slider alias=&#8221;projeto&#8221; slidertitle=&#8221;projeto&#8221; offset=&#8221;t:0px,0px,0px,0px;b:0px,0px,0px,0px;l:0px,0px,0px,0px;r:0px,0px,0px,0px;&#8221;][\/rev_slider] CONCEITO O Concurso, parte do projecto REVIVE, tem como objectivo principal a dignifica\u00e7\u00e3o e preserva\u00e7\u00e3o do antigo Forte atrav\u00e9s da implementa\u00e7\u00e3o de um empreendimento tur\u00edstico, alojamento local ou outro projecto de voca\u00e7\u00e3o tur\u00edstica. \u00a0 O programa funcional a executar deve privilegiar o alojamento, incluindo outras val\u00eancias como a restaura\u00e7\u00e3o. Neste sentido, [&hellip;]<\/p>\n","protected":false},"author":1,"featured_media":0,"parent":0,"menu_order":0,"comment_status":"closed","ping_status":"closed","template":"elementor_header_footer","meta":{"footnotes":""},"class_list":["post-298","page","type-page","status-publish","hentry"],"yoast_head":"<!-- This site is optimized with the Yoast SEO plugin v27.4 - https:\/\/yoast.com\/product\/yoast-seo-wordpress\/ -->\n<title>Conceito - Forte da Barra<\/title>\n<meta name=\"description\" content=\"Reviva o Passado: Conhe\u00e7a o Concurso de Preserva\u00e7\u00e3o do Antigo Forte. Saiba como este projeto, inserido no REVIVE, visa transformar este \u00edcone hist\u00f3rico num empreendimento tur\u00edstico de excel\u00eancia. Explore o potencial de alojamento, restaura\u00e7\u00e3o e atividades n\u00e1uticas junto \u00e0 Ria. Reabilitando espa\u00e7os para um melhor aproveitamento das val\u00eancias deste im\u00f3vel. Participe neste renascimento, junto \u00e0 Ria.\" \/>\n<meta name=\"robots\" content=\"index, follow, max-snippet:-1, max-image-preview:large, max-video-preview:-1\" \/>\n<link rel=\"canonical\" href=\"https:\/\/fortedabarra.pt\/index.php\/conceito\/\" \/>\n<meta property=\"og:locale\" content=\"pt_PT\" \/>\n<meta property=\"og:type\" content=\"article\" \/>\n<meta property=\"og:title\" content=\"Conceito - Forte da Barra\" \/>\n<meta property=\"og:description\" content=\"Reviva o Passado: Conhe\u00e7a o Concurso de Preserva\u00e7\u00e3o do Antigo Forte. Saiba como este projeto, inserido no REVIVE, visa transformar este \u00edcone hist\u00f3rico num empreendimento tur\u00edstico de excel\u00eancia. Explore o potencial de alojamento, restaura\u00e7\u00e3o e atividades n\u00e1uticas junto \u00e0 Ria. Reabilitando espa\u00e7os para um melhor aproveitamento das val\u00eancias deste im\u00f3vel. Participe neste renascimento, junto \u00e0 Ria.\" \/>\n<meta property=\"og:url\" content=\"https:\/\/fortedabarra.pt\/index.php\/conceito\/\" \/>\n<meta property=\"og:site_name\" content=\"Forte da Barra\" \/>\n<meta property=\"article:modified_time\" content=\"2023-10-10T17:10:34+00:00\" \/>\n<meta property=\"og:image\" content=\"https:\/\/fortedabarra.pt\/wp-content\/uploads\/2023\/08\/6f3d14_ddf684acbf1841e6b615beb64353e927mv2-copiar.jpg\" \/>\n<meta name=\"twitter:card\" content=\"summary_large_image\" \/>\n<meta name=\"twitter:label1\" content=\"Tempo estimado de leitura\" \/>\n\t<meta name=\"twitter:data1\" content=\"4 minutos\" \/>\n<script type=\"application\/ld+json\" class=\"yoast-schema-graph\">{\"@context\":\"https:\\\/\\\/schema.org\",\"@graph\":[{\"@type\":\"WebPage\",\"@id\":\"https:\\\/\\\/fortedabarra.pt\\\/index.php\\\/conceito\\\/\",\"url\":\"https:\\\/\\\/fortedabarra.pt\\\/index.php\\\/conceito\\\/\",\"name\":\"Conceito - Forte da Barra\",\"isPartOf\":{\"@id\":\"https:\\\/\\\/fortedabarra.pt\\\/#website\"},\"primaryImageOfPage\":{\"@id\":\"https:\\\/\\\/fortedabarra.pt\\\/index.php\\\/conceito\\\/#primaryimage\"},\"image\":{\"@id\":\"https:\\\/\\\/fortedabarra.pt\\\/index.php\\\/conceito\\\/#primaryimage\"},\"thumbnailUrl\":\"https:\\\/\\\/fortedabarra.pt\\\/wp-content\\\/uploads\\\/2023\\\/08\\\/6f3d14_ddf684acbf1841e6b615beb64353e927mv2-copiar.jpg\",\"datePublished\":\"2023-08-16T18:11:16+00:00\",\"dateModified\":\"2023-10-10T17:10:34+00:00\",\"description\":\"Reviva o Passado: Conhe\u00e7a o Concurso de Preserva\u00e7\u00e3o do Antigo Forte. Saiba como este projeto, inserido no REVIVE, visa transformar este \u00edcone hist\u00f3rico num empreendimento tur\u00edstico de excel\u00eancia. Explore o potencial de alojamento, restaura\u00e7\u00e3o e atividades n\u00e1uticas junto \u00e0 Ria. Reabilitando espa\u00e7os para um melhor aproveitamento das val\u00eancias deste im\u00f3vel. Participe neste renascimento, junto \u00e0 Ria.\",\"breadcrumb\":{\"@id\":\"https:\\\/\\\/fortedabarra.pt\\\/index.php\\\/conceito\\\/#breadcrumb\"},\"inLanguage\":\"pt-PT\",\"potentialAction\":[{\"@type\":\"ReadAction\",\"target\":[\"https:\\\/\\\/fortedabarra.pt\\\/index.php\\\/conceito\\\/\"]}]},{\"@type\":\"ImageObject\",\"inLanguage\":\"pt-PT\",\"@id\":\"https:\\\/\\\/fortedabarra.pt\\\/index.php\\\/conceito\\\/#primaryimage\",\"url\":\"https:\\\/\\\/fortedabarra.pt\\\/wp-content\\\/uploads\\\/2023\\\/08\\\/6f3d14_ddf684acbf1841e6b615beb64353e927mv2-copiar.jpg\",\"contentUrl\":\"https:\\\/\\\/fortedabarra.pt\\\/wp-content\\\/uploads\\\/2023\\\/08\\\/6f3d14_ddf684acbf1841e6b615beb64353e927mv2-copiar.jpg\",\"width\":1000,\"height\":586},{\"@type\":\"BreadcrumbList\",\"@id\":\"https:\\\/\\\/fortedabarra.pt\\\/index.php\\\/conceito\\\/#breadcrumb\",\"itemListElement\":[{\"@type\":\"ListItem\",\"position\":1,\"name\":\"Home\",\"item\":\"https:\\\/\\\/fortedabarra.pt\\\/\"},{\"@type\":\"ListItem\",\"position\":2,\"name\":\"Conceito\"}]},{\"@type\":\"WebSite\",\"@id\":\"https:\\\/\\\/fortedabarra.pt\\\/#website\",\"url\":\"https:\\\/\\\/fortedabarra.pt\\\/\",\"name\":\"Forte da Barra\",\"description\":\"Empreendimento do FORTE da BARRA Um legado\u00a0para\u00a0o\u00a0futuro!\",\"publisher\":{\"@id\":\"https:\\\/\\\/fortedabarra.pt\\\/#organization\"},\"potentialAction\":[{\"@type\":\"SearchAction\",\"target\":{\"@type\":\"EntryPoint\",\"urlTemplate\":\"https:\\\/\\\/fortedabarra.pt\\\/?s={search_term_string}\"},\"query-input\":{\"@type\":\"PropertyValueSpecification\",\"valueRequired\":true,\"valueName\":\"search_term_string\"}}],\"inLanguage\":\"pt-PT\"},{\"@type\":\"Organization\",\"@id\":\"https:\\\/\\\/fortedabarra.pt\\\/#organization\",\"name\":\"Forte da Barra\",\"url\":\"https:\\\/\\\/fortedabarra.pt\\\/\",\"logo\":{\"@type\":\"ImageObject\",\"inLanguage\":\"pt-PT\",\"@id\":\"https:\\\/\\\/fortedabarra.pt\\\/#\\\/schema\\\/logo\\\/image\\\/\",\"url\":\"https:\\\/\\\/fortedabarra.pt\\\/wp-content\\\/uploads\\\/2023\\\/08\\\/cropped-Forte-da-Barra_logo-site.png\",\"contentUrl\":\"https:\\\/\\\/fortedabarra.pt\\\/wp-content\\\/uploads\\\/2023\\\/08\\\/cropped-Forte-da-Barra_logo-site.png\",\"width\":292,\"height\":292,\"caption\":\"Forte da Barra\"},\"image\":{\"@id\":\"https:\\\/\\\/fortedabarra.pt\\\/#\\\/schema\\\/logo\\\/image\\\/\"}}]}<\/script>\n<!-- \/ Yoast SEO plugin. -->","yoast_head_json":{"title":"Conceito - Forte da Barra","description":"Reviva o Passado: Conhe\u00e7a o Concurso de Preserva\u00e7\u00e3o do Antigo Forte. Saiba como este projeto, inserido no REVIVE, visa transformar este \u00edcone hist\u00f3rico num empreendimento tur\u00edstico de excel\u00eancia. Explore o potencial de alojamento, restaura\u00e7\u00e3o e atividades n\u00e1uticas junto \u00e0 Ria. Reabilitando espa\u00e7os para um melhor aproveitamento das val\u00eancias deste im\u00f3vel. Participe neste renascimento, junto \u00e0 Ria.","robots":{"index":"index","follow":"follow","max-snippet":"max-snippet:-1","max-image-preview":"max-image-preview:large","max-video-preview":"max-video-preview:-1"},"canonical":"https:\/\/fortedabarra.pt\/index.php\/conceito\/","og_locale":"pt_PT","og_type":"article","og_title":"Conceito - Forte da Barra","og_description":"Reviva o Passado: Conhe\u00e7a o Concurso de Preserva\u00e7\u00e3o do Antigo Forte. Saiba como este projeto, inserido no REVIVE, visa transformar este \u00edcone hist\u00f3rico num empreendimento tur\u00edstico de excel\u00eancia. Explore o potencial de alojamento, restaura\u00e7\u00e3o e atividades n\u00e1uticas junto \u00e0 Ria. Reabilitando espa\u00e7os para um melhor aproveitamento das val\u00eancias deste im\u00f3vel. Participe neste renascimento, junto \u00e0 Ria.","og_url":"https:\/\/fortedabarra.pt\/index.php\/conceito\/","og_site_name":"Forte da Barra","article_modified_time":"2023-10-10T17:10:34+00:00","og_image":[{"url":"https:\/\/fortedabarra.pt\/wp-content\/uploads\/2023\/08\/6f3d14_ddf684acbf1841e6b615beb64353e927mv2-copiar.jpg","type":"","width":"","height":""}],"twitter_card":"summary_large_image","twitter_misc":{"Tempo estimado de leitura":"4 minutos"},"schema":{"@context":"https:\/\/schema.org","@graph":[{"@type":"WebPage","@id":"https:\/\/fortedabarra.pt\/index.php\/conceito\/","url":"https:\/\/fortedabarra.pt\/index.php\/conceito\/","name":"Conceito - Forte da Barra","isPartOf":{"@id":"https:\/\/fortedabarra.pt\/#website"},"primaryImageOfPage":{"@id":"https:\/\/fortedabarra.pt\/index.php\/conceito\/#primaryimage"},"image":{"@id":"https:\/\/fortedabarra.pt\/index.php\/conceito\/#primaryimage"},"thumbnailUrl":"https:\/\/fortedabarra.pt\/wp-content\/uploads\/2023\/08\/6f3d14_ddf684acbf1841e6b615beb64353e927mv2-copiar.jpg","datePublished":"2023-08-16T18:11:16+00:00","dateModified":"2023-10-10T17:10:34+00:00","description":"Reviva o Passado: Conhe\u00e7a o Concurso de Preserva\u00e7\u00e3o do Antigo Forte. Saiba como este projeto, inserido no REVIVE, visa transformar este \u00edcone hist\u00f3rico num empreendimento tur\u00edstico de excel\u00eancia. Explore o potencial de alojamento, restaura\u00e7\u00e3o e atividades n\u00e1uticas junto \u00e0 Ria. Reabilitando espa\u00e7os para um melhor aproveitamento das val\u00eancias deste im\u00f3vel. Participe neste renascimento, junto \u00e0 Ria.","breadcrumb":{"@id":"https:\/\/fortedabarra.pt\/index.php\/conceito\/#breadcrumb"},"inLanguage":"pt-PT","potentialAction":[{"@type":"ReadAction","target":["https:\/\/fortedabarra.pt\/index.php\/conceito\/"]}]},{"@type":"ImageObject","inLanguage":"pt-PT","@id":"https:\/\/fortedabarra.pt\/index.php\/conceito\/#primaryimage","url":"https:\/\/fortedabarra.pt\/wp-content\/uploads\/2023\/08\/6f3d14_ddf684acbf1841e6b615beb64353e927mv2-copiar.jpg","contentUrl":"https:\/\/fortedabarra.pt\/wp-content\/uploads\/2023\/08\/6f3d14_ddf684acbf1841e6b615beb64353e927mv2-copiar.jpg","width":1000,"height":586},{"@type":"BreadcrumbList","@id":"https:\/\/fortedabarra.pt\/index.php\/conceito\/#breadcrumb","itemListElement":[{"@type":"ListItem","position":1,"name":"Home","item":"https:\/\/fortedabarra.pt\/"},{"@type":"ListItem","position":2,"name":"Conceito"}]},{"@type":"WebSite","@id":"https:\/\/fortedabarra.pt\/#website","url":"https:\/\/fortedabarra.pt\/","name":"Forte da Barra","description":"Empreendimento do FORTE da BARRA Um legado\u00a0para\u00a0o\u00a0futuro!","publisher":{"@id":"https:\/\/fortedabarra.pt\/#organization"},"potentialAction":[{"@type":"SearchAction","target":{"@type":"EntryPoint","urlTemplate":"https:\/\/fortedabarra.pt\/?s={search_term_string}"},"query-input":{"@type":"PropertyValueSpecification","valueRequired":true,"valueName":"search_term_string"}}],"inLanguage":"pt-PT"},{"@type":"Organization","@id":"https:\/\/fortedabarra.pt\/#organization","name":"Forte da Barra","url":"https:\/\/fortedabarra.pt\/","logo":{"@type":"ImageObject","inLanguage":"pt-PT","@id":"https:\/\/fortedabarra.pt\/#\/schema\/logo\/image\/","url":"https:\/\/fortedabarra.pt\/wp-content\/uploads\/2023\/08\/cropped-Forte-da-Barra_logo-site.png","contentUrl":"https:\/\/fortedabarra.pt\/wp-content\/uploads\/2023\/08\/cropped-Forte-da-Barra_logo-site.png","width":292,"height":292,"caption":"Forte da Barra"},"image":{"@id":"https:\/\/fortedabarra.pt\/#\/schema\/logo\/image\/"}}]}},"_links":{"self":[{"href":"https:\/\/fortedabarra.pt\/index.php\/wp-json\/wp\/v2\/pages\/298","targetHints":{"allow":["GET"]}}],"collection":[{"href":"https:\/\/fortedabarra.pt\/index.php\/wp-json\/wp\/v2\/pages"}],"about":[{"href":"https:\/\/fortedabarra.pt\/index.php\/wp-json\/wp\/v2\/types\/page"}],"author":[{"embeddable":true,"href":"https:\/\/fortedabarra.pt\/index.php\/wp-json\/wp\/v2\/users\/1"}],"replies":[{"embeddable":true,"href":"https:\/\/fortedabarra.pt\/index.php\/wp-json\/wp\/v2\/comments?post=298"}],"version-history":[{"count":54,"href":"https:\/\/fortedabarra.pt\/index.php\/wp-json\/wp\/v2\/pages\/298\/revisions"}],"predecessor-version":[{"id":571,"href":"https:\/\/fortedabarra.pt\/index.php\/wp-json\/wp\/v2\/pages\/298\/revisions\/571"}],"wp:attachment":[{"href":"https:\/\/fortedabarra.pt\/index.php\/wp-json\/wp\/v2\/media?parent=298"}],"curies":[{"name":"wp","href":"https:\/\/api.w.org\/{rel}","templated":true}]}}